{"id":4281,"date":"2024-04-30T00:29:40","date_gmt":"2024-04-30T00:29:40","guid":{"rendered":"https:\/\/ewisee.eu\/educacion-inclusiva-2\/"},"modified":"2024-09-10T17:24:54","modified_gmt":"2024-09-10T17:24:54","slug":"educacion-inclusiva-2","status":"publish","type":"page","link":"https:\/\/ewisee.eu\/es\/educacion-inclusiva-2\/","title":{"rendered":"Educaci\u00f3n Inclusiva"},"content":{"rendered":"\n<p>La educaci\u00f3n inclusiva es la forma m\u00e1s eficaz de dar a todos los ni\u00f1os una oportunidad justa de ir a la escuela, aprender y desarrollar las capacidades que necesitan para prosperar. Significa que todos los ni\u00f1os est\u00e1n en las mismas aulas y escuelas. Significa oportunidades reales de aprendizaje para los grupos tradicionalmente excluidos, no s\u00f3lo los ni\u00f1os con discapacidad, sino tambi\u00e9n los hablantes de lenguas minoritarias. Los sistemas inclusivos valoran las aportaciones \u00fanicas que los alumnos de todos los or\u00edgenes aportan a las aulas y permiten que grupos diversos crezcan codo con codo en beneficio de todos.   <\/p>\n\n\n\n<p><strong>Recursos (en ingl\u00e9s):<\/strong><\/p>\n\n\n\n<ul class=\"wp-block-list\">\n<li><strong><a href=\"https:\/\/www.unicef.org\/education\/inclusive-education#:~:text=Inclusive%20education%20allows%20students%20of,at%20all%20levels%20of%20society\" target=\"_blank\" rel=\"noreferrer noopener\"><\/a><a href=\"https:\/\/www.unicef.org\/education\/inclusive-education#:~:text=Inclusive%20education%20allows%20students%20of,at%20all%20levels%20of%20society\">Educaci\u00f3n inclusiva &#8211; UNICEF<\/a><\/strong><\/li>\n\n\n\n<li><strong><a href=\"https:\/\/education.ec.europa.eu\/focus-topics\/improving-quality\/inclusive-education\" target=\"_blank\" rel=\"noreferrer noopener\"><\/a><a href=\"https:\/\/education.ec.europa.eu\/focus-topics\/improving-quality\/inclusive-education\">Educaci\u00f3n inclusiva &#8211; Espacio Europeo de Educaci\u00f3n<\/a> <\/strong><\/li>\n\n\n\n<li><strong><a href=\"https:\/\/www.youtube.com\/watch?v=yHE3Lklix3I&amp;pp=ygUTaW5jbHVzaXZlIGVkdWNhdGlvbg%3D%3D\" target=\"_blank\" rel=\"noreferrer noopener\"><g id=\"gid_0\">\u00bfQu\u00e9 es la educaci\u00f3n inclusiva? | Planificaci\u00f3n de la educaci\u00f3n inclusiva<\/g> <\/a><\/strong><\/li>\n<\/ul>\n\n\n\n<div style=\"height:30px\" aria-hidden=\"true\" class=\"wp-block-spacer\"><\/div>\n\n\n<a target=\"_self\" class=\"button small grey\" href=\"\/es\/educacion-inclusiva\/\">Atr\u00e1s<\/a>\n","protected":false},"excerpt":{"rendered":"<p>La educaci\u00f3n inclusiva es la forma m\u00e1s eficaz de dar a todos los ni\u00f1os una oportunidad justa de ir a la escuela, aprender y desarrollar las capacidades que necesitan para prosperar. Significa que todos los ni\u00f1os est\u00e1n en las mismas aulas y escuelas. Significa oportunidades reales de aprendizaje para los grupos tradicionalmente excluidos, no s\u00f3lo&#8230;<\/p>\n","protected":false},"author":6,"featured_media":0,"parent":0,"menu_order":0,"comment_status":"closed","ping_status":"closed","template":"t-team.php","meta":{"footnotes":""},"class_list":["post-4281","page","type-page","status-publish","hentry"],"jetpack_sharing_enabled":true,"jetpack-related-posts":[],"_links":{"self":[{"href":"https:\/\/ewisee.eu\/es\/wp-json\/wp\/v2\/pages\/4281","targetHints":{"allow":["GET"]}}],"collection":[{"href":"https:\/\/ewisee.eu\/es\/wp-json\/wp\/v2\/pages"}],"about":[{"href":"https:\/\/ewisee.eu\/es\/wp-json\/wp\/v2\/types\/page"}],"author":[{"embeddable":true,"href":"https:\/\/ewisee.eu\/es\/wp-json\/wp\/v2\/users\/6"}],"replies":[{"embeddable":true,"href":"https:\/\/ewisee.eu\/es\/wp-json\/wp\/v2\/comments?post=4281"}],"version-history":[{"count":2,"href":"https:\/\/ewisee.eu\/es\/wp-json\/wp\/v2\/pages\/4281\/revisions"}],"predecessor-version":[{"id":4285,"href":"https:\/\/ewisee.eu\/es\/wp-json\/wp\/v2\/pages\/4281\/revisions\/4285"}],"wp:attachment":[{"href":"https:\/\/ewisee.eu\/es\/wp-json\/wp\/v2\/media?parent=4281"}],"curies":[{"name":"wp","href":"https:\/\/api.w.org\/{rel}","templated":true}]}}