{"id":4317,"date":"2024-04-30T00:41:56","date_gmt":"2024-04-30T00:41:56","guid":{"rendered":"https:\/\/ewisee.eu\/interseccionalidad\/"},"modified":"2024-09-10T18:18:17","modified_gmt":"2024-09-10T18:18:17","slug":"interseccionalidad","status":"publish","type":"page","link":"https:\/\/ewisee.eu\/es\/interseccionalidad\/","title":{"rendered":"Interseccionalidad"},"content":{"rendered":"\n<p>El entrelazamiento de identidades sociales como el g\u00e9nero, la raza, la etnia, la clase social, la religi\u00f3n, la orientaci\u00f3n sexual y\/o la identidad de g\u00e9nero puede dar lugar a experiencias, oportunidades y barreras \u00fanicas. Cada persona tiene m\u00faltiples caracter\u00edsticas que, individualmente o combinadas, pueden dar lugar a resultados negativos o positivos en el trato que recibe. Por ejemplo, una ni\u00f1a refugiada indocumentada con una discapacidad puede sufrir discriminaci\u00f3n debido a su situaci\u00f3n legal, edad, g\u00e9nero o discapacidad por separado o debido a una combinaci\u00f3n de estos factores. Tambi\u00e9n tendr\u00e1 puntos fuertes y puntos fuertes \u00fanicos debido a estas caracter\u00edsticas.   <\/p>\n\n\n\n<p><strong>Recursos (en ingl\u00e9s):<\/strong><\/p>\n\n\n\n<ul class=\"wp-block-list\">\n<li><strong><a href=\"https:\/\/www.unhcr.org\/age-gender-diversity\/\" target=\"_blank\" rel=\"noreferrer noopener\"><\/a><a href=\"https:\/\/www.unhcr.org\/age-gender-diversity\/\">Edad, g\u00e9nero, diversidad e interseccionalidad &#8211; ACNUR<\/a>   <\/strong><\/li>\n\n\n\n<li><strong><a href=\"https:\/\/www.youtube.com\/watch?v=akOe5-UsQ2o&amp;pp=ygUVaW50ZXJzZWN0aW9uYWxpdHkgdm94\" target=\"_blank\" rel=\"noreferrer noopener\"><\/a><a href=\"https:\/\/www.youtube.com\/watch?v=akOe5-UsQ2o&amp;pp=ygUVaW50ZXJzZWN0aW9uYWxpdHkgdm94\">La urgencia de la interseccionalidad | Kimberl\u00e9 Crenshaw | TED<\/a> <\/strong><\/li>\n\n\n\n<li><a href=\"https:\/\/youtu.be\/gN2ecPsg4xo?feature=shared\" target=\"_blank\" rel=\"noreferrer noopener\"><strong>Interseccionalidad<\/strong><\/a><\/li>\n<\/ul>\n\n\n\n<div style=\"height:30px\" aria-hidden=\"true\" class=\"wp-block-spacer\"><\/div>\n\n\n<a target=\"_self\" class=\"button small grey\" href=\"\/es\/educacion-inclusiva\/\">Atr\u00e1s<\/a>\n","protected":false},"excerpt":{"rendered":"<p>El entrelazamiento de identidades sociales como el g\u00e9nero, la raza, la etnia, la clase social, la religi\u00f3n, la orientaci\u00f3n sexual y\/o la identidad de g\u00e9nero puede dar lugar a experiencias, oportunidades y barreras \u00fanicas. Cada persona tiene m\u00faltiples caracter\u00edsticas que, individualmente o combinadas, pueden dar lugar a resultados negativos o positivos en el trato que&#8230;<\/p>\n","protected":false},"author":6,"featured_media":0,"parent":0,"menu_order":0,"comment_status":"closed","ping_status":"closed","template":"t-team.php","meta":{"footnotes":""},"class_list":["post-4317","page","type-page","status-publish","hentry"],"jetpack_sharing_enabled":true,"jetpack-related-posts":[],"_links":{"self":[{"href":"https:\/\/ewisee.eu\/es\/wp-json\/wp\/v2\/pages\/4317","targetHints":{"allow":["GET"]}}],"collection":[{"href":"https:\/\/ewisee.eu\/es\/wp-json\/wp\/v2\/pages"}],"about":[{"href":"https:\/\/ewisee.eu\/es\/wp-json\/wp\/v2\/types\/page"}],"author":[{"embeddable":true,"href":"https:\/\/ewisee.eu\/es\/wp-json\/wp\/v2\/users\/6"}],"replies":[{"embeddable":true,"href":"https:\/\/ewisee.eu\/es\/wp-json\/wp\/v2\/comments?post=4317"}],"version-history":[{"count":2,"href":"https:\/\/ewisee.eu\/es\/wp-json\/wp\/v2\/pages\/4317\/revisions"}],"predecessor-version":[{"id":4322,"href":"https:\/\/ewisee.eu\/es\/wp-json\/wp\/v2\/pages\/4317\/revisions\/4322"}],"wp:attachment":[{"href":"https:\/\/ewisee.eu\/es\/wp-json\/wp\/v2\/media?parent=4317"}],"curies":[{"name":"wp","href":"https:\/\/api.w.org\/{rel}","templated":true}]}}