{"id":3322,"date":"2024-04-28T19:28:08","date_gmt":"2024-04-28T19:28:08","guid":{"rendered":"https:\/\/ewisee.eu\/sessismo\/"},"modified":"2024-09-01T19:32:53","modified_gmt":"2024-09-01T19:32:53","slug":"sessismo","status":"publish","type":"page","link":"https:\/\/ewisee.eu\/it\/sessismo\/","title":{"rendered":"Sessismo"},"content":{"rendered":"\n<p>Discriminazione o pregiudizio nei confronti delle persone in base al loro sesso, al genere e\/o alle loro caratteristiche percepite. \u00c8 legata alle convinzioni sulla natura delle donne e degli uomini e sui ruoli che dovrebbero svolgere nella societ\u00e0. Gli assunti sessisti su donne e uomini, che si manifestano come stereotipi di genere, possono classificare un genere come superiore a un altro. Questo pensiero gerarchico pu\u00f2 essere consapevole e ostile, oppure pu\u00f2 essere inconsapevole, manifestandosi come pregiudizio inconsapevole. Il sessismo pu\u00f2 toccare tutti, ma le donne sono particolarmente colpite.    <\/p>\n\n\n\n<div class=\"wp-block-group is-vertical is-layout-flex wp-container-core-group-is-layout-8cf370e7 wp-block-group-is-layout-flex\">\n<p><strong>Risorse:<\/strong><\/p>\n\n\n\n<ul class=\"wp-block-list\">\n<li><strong><a href=\"https:\/\/eige.europa.eu\/publications-resources\/toolkits-guides\/sexism-at-work-handbook\/part-1-understand\/what-sexism?language_content_entity=en\" target=\"_blank\" rel=\"noreferrer noopener\"><\/a><a href=\"https:\/\/eige.europa.eu\/publications-resources\/toolkits-guides\/sexism-at-work-handbook\/part-1-understand\/what-sexism?language_content_entity=en\">Sessismo &#8211; Istituto Europeo per l&#8217;Uguaglianza di Genere<\/a><\/strong><\/li>\n\n\n\n<li><a href=\"https:\/\/www.youtube.com\/watch?v=mqt4Ycpp3Ow&amp;pp=ygUGc2V4aXNt\" target=\"_blank\" rel=\"noreferrer noopener\"><strong>In che modo il sessismo colpisce tutti noi?<\/strong><\/a><\/li>\n<\/ul>\n<\/div>\n\n\n\n<div style=\"height:30px\" aria-hidden=\"true\" class=\"wp-block-spacer\"><\/div>\n\n\n<a target=\"_self\" class=\"button small grey\" href=\"\/it\/prima-categoria-violenza-di-genere-e-violenza-sullidentita-femminile\/\">Indietro<\/a>\n","protected":false},"excerpt":{"rendered":"<p>Discriminazione o pregiudizio nei confronti delle persone in base al loro sesso, al genere e\/o alle loro caratteristiche percepite. \u00c8 legata alle convinzioni sulla natura delle donne e degli uomini e sui ruoli che dovrebbero svolgere nella societ\u00e0. Gli assunti sessisti su donne e uomini, che si manifestano come stereotipi di genere, possono classificare un&#8230;<\/p>\n","protected":false},"author":6,"featured_media":0,"parent":0,"menu_order":0,"comment_status":"closed","ping_status":"closed","template":"t-team.php","meta":{"footnotes":""},"class_list":["post-3322","page","type-page","status-publish","hentry"],"jetpack_sharing_enabled":true,"jetpack-related-posts":[],"_links":{"self":[{"href":"https:\/\/ewisee.eu\/it\/wp-json\/wp\/v2\/pages\/3322","targetHints":{"allow":["GET"]}}],"collection":[{"href":"https:\/\/ewisee.eu\/it\/wp-json\/wp\/v2\/pages"}],"about":[{"href":"https:\/\/ewisee.eu\/it\/wp-json\/wp\/v2\/types\/page"}],"author":[{"embeddable":true,"href":"https:\/\/ewisee.eu\/it\/wp-json\/wp\/v2\/users\/6"}],"replies":[{"embeddable":true,"href":"https:\/\/ewisee.eu\/it\/wp-json\/wp\/v2\/comments?post=3322"}],"version-history":[{"count":4,"href":"https:\/\/ewisee.eu\/it\/wp-json\/wp\/v2\/pages\/3322\/revisions"}],"predecessor-version":[{"id":3326,"href":"https:\/\/ewisee.eu\/it\/wp-json\/wp\/v2\/pages\/3322\/revisions\/3326"}],"wp:attachment":[{"href":"https:\/\/ewisee.eu\/it\/wp-json\/wp\/v2\/media?parent=3322"}],"curies":[{"name":"wp","href":"https:\/\/api.w.org\/{rel}","templated":true}]}}