{"id":3367,"date":"2024-04-29T19:16:01","date_gmt":"2024-04-29T19:16:01","guid":{"rendered":"https:\/\/ewisee.eu\/omofobia-omofobia-interiorizzata-bi-fobia\/"},"modified":"2024-09-01T20:31:34","modified_gmt":"2024-09-01T20:31:34","slug":"omofobia-omofobia-interiorizzata-bi-fobia","status":"publish","type":"page","link":"https:\/\/ewisee.eu\/it\/omofobia-omofobia-interiorizzata-bi-fobia\/","title":{"rendered":"Omofobia \/ Omofobia Interiorizzata \/ Bi-Fobia"},"content":{"rendered":"\n<p>Forma di razzismo non \u00e8 legata alla paura o alla fobia. \u00c8 <span style=\"text-decoration: underline;\">l&#8217;odio<\/span>. Pregiudizio nei confronti di individui che si identificano o si percepiscono come gay, lesbiche, bisessuali, pansessuali o queer.   <\/p>\n\n\n\n<p><span style=\"text-decoration: underline;\">L&#8217;omofobia interiorizzata<\/span> si verifica quando una persona accetta consapevolmente o inconsapevolmente i pregiudizi omofobici e li applica a se stessa. Pu\u00f2 accadere a chiunque, indipendentemente dall&#8217;orientamento sessuale, anche se la maggior parte degli studi sull&#8217;omofobia interiorizzata ha riguardato persone che si identificano come lesbiche, gay o bisessuali. <\/p>\n\n\n\n<p><span style=\"text-decoration: underline;\">Bifobia:<\/span> paura o odio nei confronti dell&#8217;omosessualit\u00e0 <em>(e di altre identit\u00e0 non eterosessuali)<\/em> e delle persone percepite come bisessuali.<\/p>\n\n\n\n<ul class=\"wp-block-list\">\n<li><em>&#8220;\u00c8 inutile dire che nella comunit\u00e0 LGBTQ+ esistono situazioni interiorizzate. In una societ\u00e0 piena di stereotipi e pregiudizi, perpetuare e riprodurre ancora di pi\u00f9 \u00e8 a dir poco abusivo e terribile. A questo proposito, una comunit\u00e0 \u00e8 teoricamente uno spazio sicuro in cui gli individui possono essere se stessi. Quando c&#8217;\u00e8 omofobia interiorizzata, non ci si pu\u00f2 sentire al sicuro da nessuna parte. Nella comunit\u00e0 che dovrebbe essere in grado di proteggerti, ci sono questi individui. Quindi, cosa facciamo? Le persone LGBTQ+ sono al sicuro?&#8221;      <\/em><\/li>\n\n\n\n<li><em>Ma dai! Per gli uomini, diciamo che siete al sicuro se siete alti, robusti, con un bel corpo, non siete grassi, non siete bassi e siete bellissimi. <\/em><\/li>\n\n\n\n<li><em>Secondo gli standard della societ\u00e0 occidentale.<\/em><\/li>\n\n\n\n<li><em>S\u00ec, certo. Il bianco presenta. Sei molto sicuro e ti sar\u00e0 facile fare sesso. Ma s\u00ec, chi \u00e8 cos\u00ec?   <\/em><\/li>\n\n\n\n<li><em>Non \u00e8 pensato per il grande pubblico.<\/em><\/li>\n\n\n\n<li><em>Non lo \u00e8 affatto.<\/em><\/li>\n\n\n\n<li><em>Lo stesso vale per le donne. Finch\u00e9 sei all&#8217;altezza degli standard della societ\u00e0 occidentale, sei a posto. <\/em><\/li>\n<\/ul>\n\n\n\n<p><em>E in quello che viene definito esternamente come una lesbica o una persona che esce con le donne e che ha caratteristiche specifiche &#8211; lui non ce l&#8217;ha, ma gli sono state date determinate caratteristiche. Tutto ci\u00f2 che si discosta non conta. Non puoi essere lesbica ed essere molto femminile. Non \u00e8 possibile.   <\/em><em>&#8220;<\/em><\/p>\n\n\n\n<div class=\"wp-block-group is-vertical is-layout-flex wp-container-core-group-is-layout-8cf370e7 wp-block-group-is-layout-flex\">\n<p><strong>Risorse:<\/strong><\/p>\n\n\n\n<ul class=\"wp-block-list\">\n<li><a href=\"https:\/\/www.youtube.com\/watch?v=UfmROZaXNMY&amp;pp=ygUUaG9tb3Bob2JpYSBleHBsYWluZWQ%3D\" target=\"_blank\" rel=\"noreferrer noopener\"><strong>Cos&#8217;\u00e8 l&#8217;omofobia? &#8211; Unione per le libert\u00e0 civili in Europa <\/strong><\/a><\/li>\n\n\n\n<li><strong><a href=\"https:\/\/www.rainbow-project.org\/internalised-homophobia\/\" target=\"_blank\" rel=\"noreferrer noopener\"><\/a><a href=\"https:\/\/www.rainbow-project.org\/internalised-homophobia\/\">Omofobia interiorizzata &#8211; The Rainbow Project Org<\/a> <\/strong><\/li>\n\n\n\n<li><a href=\"https:\/\/www.cdc.gov\/msmhealth\/stigma-and-discrimination.htm\" target=\"_blank\" rel=\"noreferrer noopener\"><strong>Stigma e discriminazione nei confronti di uomini gay e bisessuali <\/strong><\/a><\/li>\n\n\n\n<li><a href=\"https:\/\/www.ncbi.nlm.nih.gov\/pmc\/articles\/PMC2678796\/\" target=\"_blank\" rel=\"noreferrer noopener\"><strong>Omofobia interiorizzata e qualit\u00e0 delle relazioni tra lesbiche, gay e bisessuali &#8211; Biblioteca Nazionale di Medicina<\/strong><\/a><\/li>\n<\/ul>\n<\/div>\n\n\n\n<div style=\"height:30px\" aria-hidden=\"true\" class=\"wp-block-spacer\"><\/div>\n\n\n<a target=\"_self\" class=\"button small grey\" href=\"\/it\/seconda-categoria-discriminazione-e-comportamenti-abusivi-nei-confronti-delle-persone-in-base-alla-loro-identita-sessuale-e-di-genere\/\">Indietro<\/a>\n","protected":false},"excerpt":{"rendered":"<p>Forma di razzismo non \u00e8 legata alla paura o alla fobia. \u00c8 l&#8217;odio. Pregiudizio nei confronti di individui che si identificano o si percepiscono come gay, lesbiche, bisessuali, pansessuali o queer. L&#8217;omofobia interiorizzata si verifica quando una persona accetta consapevolmente o inconsapevolmente i pregiudizi omofobici e li applica a se stessa. Pu\u00f2 accadere a chiunque,&#8230;<\/p>\n","protected":false},"author":6,"featured_media":0,"parent":0,"menu_order":0,"comment_status":"closed","ping_status":"closed","template":"t-team.php","meta":{"footnotes":""},"class_list":["post-3367","page","type-page","status-publish","hentry"],"jetpack_sharing_enabled":true,"jetpack-related-posts":[],"_links":{"self":[{"href":"https:\/\/ewisee.eu\/it\/wp-json\/wp\/v2\/pages\/3367","targetHints":{"allow":["GET"]}}],"collection":[{"href":"https:\/\/ewisee.eu\/it\/wp-json\/wp\/v2\/pages"}],"about":[{"href":"https:\/\/ewisee.eu\/it\/wp-json\/wp\/v2\/types\/page"}],"author":[{"embeddable":true,"href":"https:\/\/ewisee.eu\/it\/wp-json\/wp\/v2\/users\/6"}],"replies":[{"embeddable":true,"href":"https:\/\/ewisee.eu\/it\/wp-json\/wp\/v2\/comments?post=3367"}],"version-history":[{"count":4,"href":"https:\/\/ewisee.eu\/it\/wp-json\/wp\/v2\/pages\/3367\/revisions"}],"predecessor-version":[{"id":3371,"href":"https:\/\/ewisee.eu\/it\/wp-json\/wp\/v2\/pages\/3367\/revisions\/3371"}],"wp:attachment":[{"href":"https:\/\/ewisee.eu\/it\/wp-json\/wp\/v2\/media?parent=3367"}],"curies":[{"name":"wp","href":"https:\/\/api.w.org\/{rel}","templated":true}]}}