{"id":3539,"date":"2024-04-30T00:51:00","date_gmt":"2024-04-30T00:51:00","guid":{"rendered":"https:\/\/ewisee.eu\/accessibilita\/"},"modified":"2024-09-02T03:42:20","modified_gmt":"2024-09-02T03:42:20","slug":"accessibilita","status":"publish","type":"page","link":"https:\/\/ewisee.eu\/it\/accessibilita\/","title":{"rendered":"Accessibilit\u00e0"},"content":{"rendered":"\n<p>L&#8217;accessibilit\u00e0 \u00e8 la capacit\u00e0 di una struttura di essere accessibile e utilizzabile da persone con disabilit\u00e0. In generale, l&#8217;accessibilit\u00e0 pu\u00f2 essere considerata come la &#8220;capacit\u00e0 di accedere&#8221; e di beneficiare di un servizio o di un&#8217; attivit\u00e0. <\/p>\n\n\n\n<p><strong>Risorse:<\/strong><\/p>\n\n\n\n<ul class=\"wp-block-list\">\n<li><strong><a href=\"https:\/\/youtu.be\/rjluLV1F-UI?feature=shared\" target=\"_blank\" rel=\"noreferrer noopener\"><\/a><a href=\"https:\/\/youtu.be\/rjluLV1F-UI?feature=shared\">Inclusione delle persone con disabilit\u00e0<\/a><\/strong><\/li>\n\n\n\n<li><a href=\"https:\/\/youtu.be\/EAxnE2XzL0k?feature=shared\" target=\"_blank\" rel=\"noreferrer noopener\"><strong>Accessibilit\u00e0 e inclusione per tutti<\/strong><\/a><\/li>\n\n\n\n<li><strong><a href=\"https:\/\/youtu.be\/dJfhi2P60Xo?feature=shared\" target=\"_blank\" rel=\"noreferrer noopener\"><\/a><a href=\"https:\/\/youtu.be\/dJfhi2P60Xo?feature=shared\">Progettare all&#8217;insegna dell&#8217;accessibilit\u00e0: Una panoramica<\/a><\/strong><\/li>\n\n\n\n<li><strong><a href=\"https:\/\/youtu.be\/Q-nrJ5f4BIM?feature=shared\" target=\"_blank\" rel=\"noreferrer noopener\"><\/a><a href=\"https:\/\/youtu.be\/Q-nrJ5f4BIM?feature=shared\">Perch\u00e9 l&#8217;accessibilit\u00e0 digitale \u00e8 importante?<\/a><\/strong><\/li>\n\n\n\n<li><strong><a href=\"https:\/\/citl.indiana.edu\/teaching-resources\/diversity-inclusion\/accessible-classrooms\/index.html\" target=\"_blank\" rel=\"noreferrer noopener\"><\/a><a href=\"https:\/\/citl.indiana.edu\/teaching-resources\/diversity-inclusion\/accessible-classrooms\/index.html\">Creare aule accessibili<\/a><\/strong><\/li>\n\n\n\n<li><strong><a href=\"https:\/\/youtu.be\/U_Q7axl4oXY?feature=shared\" target=\"_blank\" rel=\"noreferrer noopener\"><\/a><a href=\"https:\/\/youtu.be\/U_Q7axl4oXY?feature=shared\">Rendere l&#8217;istruzione accessibile ai bambini sordi | Nyle DiMarco | TEDxKlagenfurt<\/a><\/strong><\/li>\n<\/ul>\n\n\n\n<div style=\"height:30px\" aria-hidden=\"true\" class=\"wp-block-spacer\"><\/div>\n\n\n<a target=\"_self\" class=\"button small grey\" href=\"\/it\/educazione-inclusiva\/\">Indietro<\/a>\n","protected":false},"excerpt":{"rendered":"<p>L&#8217;accessibilit\u00e0 \u00e8 la capacit\u00e0 di una struttura di essere accessibile e utilizzabile da persone con disabilit\u00e0. In generale, l&#8217;accessibilit\u00e0 pu\u00f2 essere considerata come la &#8220;capacit\u00e0 di accedere&#8221; e di beneficiare di un servizio o di un&#8217; attivit\u00e0. Risorse:<\/p>\n","protected":false},"author":6,"featured_media":0,"parent":0,"menu_order":0,"comment_status":"closed","ping_status":"closed","template":"t-team.php","meta":{"footnotes":""},"class_list":["post-3539","page","type-page","status-publish","hentry"],"jetpack_sharing_enabled":true,"jetpack-related-posts":[],"_links":{"self":[{"href":"https:\/\/ewisee.eu\/it\/wp-json\/wp\/v2\/pages\/3539","targetHints":{"allow":["GET"]}}],"collection":[{"href":"https:\/\/ewisee.eu\/it\/wp-json\/wp\/v2\/pages"}],"about":[{"href":"https:\/\/ewisee.eu\/it\/wp-json\/wp\/v2\/types\/page"}],"author":[{"embeddable":true,"href":"https:\/\/ewisee.eu\/it\/wp-json\/wp\/v2\/users\/6"}],"replies":[{"embeddable":true,"href":"https:\/\/ewisee.eu\/it\/wp-json\/wp\/v2\/comments?post=3539"}],"version-history":[{"count":2,"href":"https:\/\/ewisee.eu\/it\/wp-json\/wp\/v2\/pages\/3539\/revisions"}],"predecessor-version":[{"id":3541,"href":"https:\/\/ewisee.eu\/it\/wp-json\/wp\/v2\/pages\/3539\/revisions\/3541"}],"wp:attachment":[{"href":"https:\/\/ewisee.eu\/it\/wp-json\/wp\/v2\/media?parent=3539"}],"curies":[{"name":"wp","href":"https:\/\/api.w.org\/{rel}","templated":true}]}}